{"id":2389,"date":"2024-03-26T15:30:57","date_gmt":"2024-03-26T18:30:57","guid":{"rendered":"https:\/\/revistaferidas.com.br\/congressoferidas\/?page_id=2389"},"modified":"2024-03-26T15:35:02","modified_gmt":"2024-03-26T18:35:02","slug":"termos-e-condicoes-copy","status":"publish","type":"page","link":"https:\/\/revistaferidas.com.br\/congressoferidas\/termos-e-condicoes-copy\/","title":{"rendered":"Termos e Condi\u00e7\u00f5es &#8211; Curso Ozonio"},"content":{"rendered":"\t\t<div data-elementor-type=\"wp-page\" data-elementor-id=\"2389\" class=\"elementor elementor-2389\">\n\t\t\t\t<div class=\"elementor-element elementor-element-df6cfda e-flex e-con-boxed e-con e-parent\" data-id=\"df6cfda\" data-element_type=\"container\" data-e-type=\"container\">\n\t\t\t\t\t<div class=\"e-con-inner\">\n\t\t\t\t<div class=\"elementor-element elementor-element-dc5f69f elementor-align-left elementor-widget__width-inherit exad-sticky-section-no exad-glass-effect-no elementor-widget elementor-widget-button\" data-id=\"dc5f69f\" data-element_type=\"widget\" data-e-type=\"widget\" data-widget_type=\"button.default\">\n\t\t\t\t<div class=\"elementor-widget-container\">\n\t\t\t\t\t\t\t\t\t<div class=\"elementor-button-wrapper\">\n\t\t\t\t\t<a class=\"elementor-button elementor-button-link elementor-size-sm\" href=\"https:\/\/revistaferidas.com.br\/congressoferidas\/curso-ozonioterapia\/\">\n\t\t\t\t\t\t<span class=\"elementor-button-content-wrapper\">\n\t\t\t\t\t\t<span class=\"elementor-button-icon\">\n\t\t\t\t<i aria-hidden=\"true\" class=\"fas fa-arrow-circle-left\"><\/i>\t\t\t<\/span>\n\t\t\t\t\t\t\t\t\t<span class=\"elementor-button-text\">VOLTAR A P\u00c1GINA<\/span>\n\t\t\t\t\t<\/span>\n\t\t\t\t\t<\/a>\n\t\t\t\t<\/div>\n\t\t\t\t\t\t\t\t<\/div>\n\t\t\t\t<\/div>\n\t\t\t\t<div class=\"elementor-element elementor-element-1ef62dc exad-sticky-section-no exad-glass-effect-no elementor-widget elementor-widget-text-editor\" data-id=\"1ef62dc\" data-element_type=\"widget\" data-e-type=\"widget\" data-widget_type=\"text-editor.default\">\n\t\t\t\t<div class=\"elementor-widget-container\">\n\t\t\t\t\t\t\t\t\t<h2><span style=\"color: #444444;\"><b>1. Termos<\/b><\/span><\/h2><p><span style=\"color: #444444;\">Ao acessar ao site <a href=\"https:\/\/revistaferidas.com.br\/congressoferidas\/curso-ozonioterapia\">Curso Oz\u00f4nioterapia &#8211; Congresso Feridas<\/a>, concorda em cumprir estes termos de servi\u00e7o, todas as leis e regulamentos aplic\u00e1veis e concorda que \u00e9 respons\u00e1vel pelo cumprimento de todas as leis locais aplic\u00e1veis. Se voc\u00ea n\u00e3o concordar com algum desses termos, est\u00e1 proibido de usar ou acessar este site. Os materiais contidos neste site s\u00e3o protegidos pelas leis de direitos autorais e marcas comerciais aplic\u00e1veis.<\/span><\/p><h2><span style=\"color: #444444;\"><b>2. Uso de Licen\u00e7a<\/b><\/span><\/h2><div><span style=\"color: #444444;\"><b>\u00a0<\/b><\/span><\/div><p><span style=\"color: #444444;\">\u00c9 concedida permiss\u00e3o para baixar temporariamente uma c\u00f3pia dos materiais (informa\u00e7\u00f5es ou software) no site Curso Oz\u00f4nioterapia &#8211; Congresso Feridas , apenas para visualiza\u00e7\u00e3o transit\u00f3ria pessoal e n\u00e3o comercial. Esta \u00e9 a concess\u00e3o de uma licen\u00e7a, n\u00e3o uma transfer\u00eancia de t\u00edtulo e, sob esta licen\u00e7a, voc\u00ea n\u00e3o pode:\u00a0<\/span><\/p><ol><li><span style=\"color: #444444;\">modificar ou copiar os materiais;\u00a0<\/span><\/li><li><span style=\"color: #444444;\">usar os materiais para qualquer finalidade comercial ou para exibi\u00e7\u00e3o p\u00fablica (comercial ou n\u00e3o comercial);\u00a0<\/span><\/li><li><span style=\"color: #444444;\">tentar descompilar ou fazer engenharia reversa de qualquer software contido no site Curso Oz\u00f4nioterapia &#8211; Congresso Feridas;\u00a0<\/span><\/li><li><span style=\"color: #444444;\">remover quaisquer direitos autorais ou outras nota\u00e7\u00f5es de propriedade dos materiais; ou\u00a0<\/span><\/li><li><span style=\"color: #444444;\">transferir os materiais para outra pessoa ou &#8216;espelhe&#8217; os materiais em qualquer outro servidor.<\/span><\/li><\/ol><p><span style=\"color: #444444;\">Esta licen\u00e7a ser\u00e1 automaticamente rescindida se voc\u00ea violar alguma dessas restri\u00e7\u00f5es e poder\u00e1 ser rescindida por Curso Oz\u00f4nioterapia &#8211; Congresso Feridas a qualquer momento. Ao encerrar a visualiza\u00e7\u00e3o desses materiais ou ap\u00f3s o t\u00e9rmino desta licen\u00e7a, voc\u00ea deve apagar todos os materiais baixados em sua posse, seja em formato eletr\u00f3nico ou impresso.<\/span><\/p><h2><span style=\"color: #444444;\"><b>3. Isen\u00e7\u00e3o de responsabilidade<\/b><\/span><\/h2><div><span style=\"color: #444444;\"><b>\u00a0<\/b><\/span><\/div><ol><li><span style=\"color: #444444;\">Os materiais no site da Curso Oz\u00f4nioterapia &#8211; Congresso Feridas s\u00e3o fornecidos &#8216;como est\u00e3o&#8217;. Curso Oz\u00f4nioterapia &#8211; Congresso Feridas n\u00e3o oferece garantias, expressas ou impl\u00edcitas, e, por este meio, isenta e nega todas as outras garantias, incluindo, sem limita\u00e7\u00e3o, garantias impl\u00edcitas ou condi\u00e7\u00f5es de comercializa\u00e7\u00e3o, adequa\u00e7\u00e3o a um fim espec\u00edfico ou n\u00e3o viola\u00e7\u00e3o de propriedade intelectual ou outra viola\u00e7\u00e3o de direitos.<\/span><\/li><li><span style=\"color: #444444;\">Al\u00e9m disso, o Curso Oz\u00f4nioterapia &#8211; Congresso Feridas n\u00e3o garante ou faz qualquer representa\u00e7\u00e3o relativa \u00e0 precis\u00e3o, aos resultados prov\u00e1veis ou \u00e0 confiabilidade do uso dos materiais em seu site ou de outra forma relacionado a esses materiais ou em sites vinculados a este site.<\/span><\/li><\/ol><h2><span style=\"color: #444444;\"><b>4. Limita\u00e7\u00f5es<\/b><\/span><\/h2><div><span style=\"color: #444444;\"><b>\u00a0<\/b><\/span><\/div><p><span style=\"color: #444444;\">Em nenhum caso o Curso Oz\u00f4nioterapia &#8211; Congresso Feridas ou seus fornecedores ser\u00e3o respons\u00e1veis por quaisquer danos (incluindo, sem limita\u00e7\u00e3o, danos por perda de dados ou lucro ou devido a interrup\u00e7\u00e3o dos neg\u00f3cios) decorrentes do uso ou da incapacidade de usar os materiais em Curso Oz\u00f4nioterapia &#8211; Congresso Feridas, mesmo que Curso Oz\u00f4nioterapia &#8211; Congresso Feridas ou um representante autorizado da Curso Oz\u00f4nioterapia &#8211; Congresso Feridas tenha sido notificado oralmente ou por escrito da possibilidade de tais danos. Como algumas jurisdi\u00e7\u00f5es n\u00e3o permitem limita\u00e7\u00f5es em garantias impl\u00edcitas, ou limita\u00e7\u00f5es de responsabilidade por danos conseq\u00fcentes ou incidentais, essas limita\u00e7\u00f5es podem n\u00e3o se aplicar a voc\u00ea.<\/span><\/p><h2><span style=\"color: #444444;\"><b>5. Precis\u00e3o dos materiais<\/b><\/span><\/h2><div><span style=\"color: #444444;\"><b>\u00a0<\/b><\/span><\/div><p><span style=\"color: #444444;\">Os materiais exibidos no site da Curso Oz\u00f4nioterapia &#8211; Congresso Feridas podem incluir erros t\u00e9cnicos, tipogr\u00e1ficos ou fotogr\u00e1ficos. Curso Oz\u00f4nioterapia &#8211; Congresso Feridas n\u00e3o garante que qualquer material em seu site seja preciso, completo ou atual. Curso Oz\u00f4nioterapia &#8211; Congresso Feridas pode fazer altera\u00e7\u00f5es nos materiais contidos em seu site a qualquer momento, sem aviso pr\u00e9vio. No entanto, Curso Oz\u00f4nioterapia &#8211; Congresso Feridas n\u00e3o se compromete a atualizar os materiais.<\/span><\/p><h2><span style=\"color: #444444;\"><b>6. Links<\/b><\/span><\/h2><div><span style=\"color: #444444;\"><b>\u00a0<\/b><\/span><\/div><p><span style=\"color: #444444;\">O Curso Oz\u00f4nioterapia &#8211; Congresso Feridas n\u00e3o analisou todos os sites vinculados ao seu site e n\u00e3o \u00e9 respons\u00e1vel pelo conte\u00fado de nenhum site vinculado. A inclus\u00e3o de qualquer link n\u00e3o implica endosso por Curso Oz\u00f4nioterapia &#8211; Congresso Feridas do site. O uso de qualquer site vinculado \u00e9 por conta e risco do usu\u00e1rio.<\/span><\/p><h3><span style=\"color: #444444;\"><b>Modifica\u00e7\u00f5es<\/b><\/span><\/h3><div><span style=\"color: #444444;\"><b>\u00a0<\/b><\/span><\/div><p><span style=\"color: #444444;\">O Curso Oz\u00f4nioterapia &#8211; Congresso Feridas pode revisar estes termos de servi\u00e7o do site a qualquer momento, sem aviso pr\u00e9vio. Ao usar este site, voc\u00ea concorda em ficar vinculado \u00e0 vers\u00e3o atual desses termos de servi\u00e7o.<\/span><\/p><h3><span style=\"color: #444444;\"><b>Lei aplic\u00e1vel<\/b><\/span><\/h3><div><span style=\"color: #444444;\"><b>\u00a0<\/b><\/span><\/div><p><span style=\"color: #444444;\">Estes termos e condi\u00e7\u00f5es s\u00e3o regidos e interpretados de acordo com as leis do Curso Oz\u00f4nioterapia &#8211; Congresso Feridas e voc\u00ea se submete irrevogavelmente \u00e0 jurisdi\u00e7\u00e3o exclusiva dos tribunais naquele estado ou localidade.<\/span><\/p>\t\t\t\t\t\t\t\t<\/div>\n\t\t\t\t<\/div>\n\t\t\t\t<div class=\"elementor-element elementor-element-55ed1cc elementor-align-left elementor-widget__width-inherit exad-sticky-section-no exad-glass-effect-no elementor-widget elementor-widget-button\" data-id=\"55ed1cc\" data-element_type=\"widget\" data-e-type=\"widget\" data-widget_type=\"button.default\">\n\t\t\t\t<div class=\"elementor-widget-container\">\n\t\t\t\t\t\t\t\t\t<div class=\"elementor-button-wrapper\">\n\t\t\t\t\t<a class=\"elementor-button elementor-button-link elementor-size-sm\" href=\"https:\/\/revistaferidas.com.br\/congressoferidas\/curso-ozonioterapia\/\">\n\t\t\t\t\t\t<span class=\"elementor-button-content-wrapper\">\n\t\t\t\t\t\t<span class=\"elementor-button-icon\">\n\t\t\t\t<i aria-hidden=\"true\" class=\"fas fa-arrow-circle-left\"><\/i>\t\t\t<\/span>\n\t\t\t\t\t\t\t\t\t<span class=\"elementor-button-text\">VOLTAR A P\u00c1GINA<\/span>\n\t\t\t\t\t<\/span>\n\t\t\t\t\t<\/a>\n\t\t\t\t<\/div>\n\t\t\t\t\t\t\t\t<\/div>\n\t\t\t\t<\/div>\n\t\t\t\t\t<\/div>\n\t\t\t\t<\/div>\n\t\t\t\t<\/div>\n\t\t","protected":false},"excerpt":{"rendered":"<p>VOLTAR A P\u00c1GINA 1. Termos Ao acessar ao site Curso Oz\u00f4nioterapia &#8211; Congresso Feridas, concorda em cumprir estes termos de servi\u00e7o, todas as leis e regulamentos aplic\u00e1veis e concorda que \u00e9 respons\u00e1vel pelo cumprimento de todas as leis locais aplic\u00e1veis. Se voc\u00ea n\u00e3o concordar com algum desses termos, est\u00e1 proibido de usar ou acessar este [&hellip;]<\/p>\n","protected":false},"author":2,"featured_media":0,"parent":0,"menu_order":0,"comment_status":"closed","ping_status":"closed","template":"elementor_canvas","meta":{"site-sidebar-layout":"no-sidebar","site-content-layout":"page-builder","ast-site-content-layout":"default","site-content-style":"default","site-sidebar-style":"default","ast-global-header-display":"","ast-banner-title-visibility":"","ast-main-header-display":"","ast-hfb-above-header-display":"","ast-hfb-below-header-display":"","ast-hfb-mobile-header-display":"","site-post-title":"disabled","ast-breadcrumbs-content":"","ast-featured-img":"disabled","footer-sml-layout":"","theme-transparent-header-meta":"default","adv-header-id-meta":"","stick-header-meta":"","header-above-stick-meta":"","header-main-stick-meta":"","header-below-stick-meta":"","astra-migrate-meta-layouts":"set","ast-page-background-enabled":"default","ast-page-background-meta":{"desktop":{"background-color":"","background-image":"","background-repeat":"repeat","background-position":"center center","background-size":"auto","background-attachment":"scroll","background-type":"","background-media":"","overlay-type":"","overlay-color":"","overlay-opacity":"","overlay-gradient":""},"tablet":{"background-color":"","background-image":"","background-repeat":"repeat","background-position":"center center","background-size":"auto","background-attachment":"scroll","background-type":"","background-media":"","overlay-type":"","overlay-color":"","overlay-opacity":"","overlay-gradient":""},"mobile":{"background-color":"","background-image":"","background-repeat":"repeat","background-position":"center center","background-size":"auto","background-attachment":"scroll","background-type":"","background-media":"","overlay-type":"","overlay-color":"","overlay-opacity":"","overlay-gradient":""}},"ast-content-background-meta":{"desktop":{"background-color":"var(--ast-global-color-5)","background-image":"","background-repeat":"repeat","background-position":"center center","background-size":"auto","background-attachment":"scroll","background-type":"","background-media":"","overlay-type":"","overlay-color":"","overlay-opacity":"","overlay-gradient":""},"tablet":{"background-color":"var(--ast-global-color-5)","background-image":"","background-repeat":"repeat","background-position":"center center","background-size":"auto","background-attachment":"scroll","background-type":"","background-media":"","overlay-type":"","overlay-color":"","overlay-opacity":"","overlay-gradient":""},"mobile":{"background-color":"var(--ast-global-color-5)","background-image":"","background-repeat":"repeat","background-position":"center center","background-size":"auto","background-attachment":"scroll","background-type":"","background-media":"","overlay-type":"","overlay-color":"","overlay-opacity":"","overlay-gradient":""}},"_joinchat":[],"footnotes":""},"class_list":["post-2389","page","type-page","status-publish","hentry"],"_links":{"self":[{"href":"https:\/\/revistaferidas.com.br\/congressoferidas\/wp-json\/wp\/v2\/pages\/2389","targetHints":{"allow":["GET"]}}],"collection":[{"href":"https:\/\/revistaferidas.com.br\/congressoferidas\/wp-json\/wp\/v2\/pages"}],"about":[{"href":"https:\/\/revistaferidas.com.br\/congressoferidas\/wp-json\/wp\/v2\/types\/page"}],"author":[{"embeddable":true,"href":"https:\/\/revistaferidas.com.br\/congressoferidas\/wp-json\/wp\/v2\/users\/2"}],"replies":[{"embeddable":true,"href":"https:\/\/revistaferidas.com.br\/congressoferidas\/wp-json\/wp\/v2\/comments?post=2389"}],"version-history":[{"count":0,"href":"https:\/\/revistaferidas.com.br\/congressoferidas\/wp-json\/wp\/v2\/pages\/2389\/revisions"}],"wp:attachment":[{"href":"https:\/\/revistaferidas.com.br\/congressoferidas\/wp-json\/wp\/v2\/media?parent=2389"}],"curies":[{"name":"wp","href":"https:\/\/api.w.org\/{rel}","templated":true}]}}